{"id":318,"date":"2017-09-03T22:55:47","date_gmt":"2017-09-03T21:55:47","guid":{"rendered":"https:\/\/ccrelax.000webhostapp.com\/?page_id=9"},"modified":"2023-11-30T13:51:59","modified_gmt":"2023-11-30T13:51:59","slug":"cc-radio-portugal","status":"publish","type":"page","link":"https:\/\/www.lusitaniacb.net\/ccradioptwp\/","title":{"rendered":"CC R\u00e1dio Portugal"},"content":{"rendered":"<div  class=\"fusion-fullwidth fullwidth-box fusion-parallax-none hundred-percent-fullwidth\"  style='background-color: #ffffff;background-image: url(\"https:\/\/www.lusitaniacb.net\/ccradioptwp\/wp-content\/uploads\/Beautiful-Nature-Water-1100-grandient.png\");background-position: left top;background-repeat: no-repeat;padding-top:0px;padding-right:30px;padding-bottom:0px;padding-left:30px;-webkit-background-size:cover;-moz-background-size:cover;-o-background-size:cover;background-size:cover;background-attachment:none;'><div class=\"fusion-builder-row fusion-row \"><div  class=\"fusion-layout-column fusion_builder_column fusion_builder_column_3_5  fusion-three-fifth fusion-column-first fusion-blend-mode 3_5\"  style='margin-top:0px;margin-bottom:0px;width:60%;width:calc(60% - ( ( 10% ) * 0.6 ) );margin-right: 10%;'>\n\t\t\t\t\t<div class=\"fusion-column-wrapper\" style=\"background-color:rgba(0,0,0,0);padding: 0px 0px 0px 50px;background-position:left center;background-repeat:no-repeat;-webkit-background-size:cover;-moz-background-size:cover;-o-background-size:cover;background-size:cover;\"  data-bg-url=\"\">\n\t\t\t\t\t\t<div class=\"fusion-sep-clear\"><\/div><div class=\"fusion-separator fusion-full-width-sep sep-none\" style=\"margin-left: auto;margin-right: auto;margin-top:;margin-bottom:20px;\"><\/div><div class=\"fusion-title title fusion-sep-none fusion-title-size-five\" style=\"margin-top:0px;margin-bottom:31px;\"><h5 class=\"title-heading-left\"><h1 style=\"text-align: left;\"><span style=\"color: #ffff00;\">CC Radio &#8211; Inspira-te<\/span><\/h1><\/h5><\/div><div id=\"wrapper\">\n<div class=\"fusion-row\">\n<section id=\"content\">\n<div id=\"post-2\" class=\"post-2 page type-page status-publish hentry\">\n<div class=\"post-content\">\n<div class=\"fusion-fullwidth fullwidth-box nonhundred-percent-fullwidth\">\n<div class=\"fusion-builder-row fusion-row \">\n<div class=\"fusion-layout-column fusion_builder_column fusion_builder_column_1_1 fusion-one-full fusion-column-first fusion-column-last 1_1\">\n<div class=\"fusion-column-wrapper\" data-bg-url=\"\">\n<h3 data-fontsize=\"16\" data-lineheight=\"24\"><span style=\"color: #ffff00;\"><strong>CC R\u00e1dio Portugal \u00e9 um projeto radiof\u00f3nico da autoria de <a href=\"https:\/\/www.facebook.com\/carmendolores.cd?ref=tn_tnmn\" target=\"_blank\" rel=\"noopener noreferrer\">Carmen Dolores<\/a> e <a href=\"http:\/\/www.radio.lusitaniacb.com\/\" target=\"_blank\" rel=\"noopener noreferrer\">Carlos Carvalho<\/a> , baseado na musica rom\u00e2ntica, moods e medita\u00e7\u00e3o.<\/strong><\/span><\/h3>\n<h3 data-fontsize=\"16\" data-lineheight=\"24\"><span style=\"color: #ffff00;\"><strong>A nossa miss\u00e3o \u00e9 inspirar e motivar todos aqueles que nos escutam para a descoberta do seu autoconhecimento e imperturbabilidade pessoal.<\/strong><\/span><\/h3>\n<h3 data-fontsize=\"16\" data-lineheight=\"24\"><span style=\"color: #ffff00;\"><strong>Os conte\u00fados da grelha de acesso aos audios s\u00e3o na sua maioria da autora de prest\u00edgio internacional <a href=\"http:\/\/www.louisehay.com\">Louise L. Hay<\/a> &#8211; oradora e professora motivacional, &#8211; cujos livros, t\u00e9cnicas de cura, afirma\u00e7\u00f5es e pensamentos positivos ajudam pessoas em todo o mundo.<\/strong><\/span><\/h3>\n<h3 data-fontsize=\"16\" data-lineheight=\"24\"><span style=\"color: #ffff00;\"><strong>A partir da cidade mais setentrional do mundo, as horas de emiss\u00e3o s\u00e3o asseguradas por\u00a0 <a href=\"https:\/\/www.facebook.com\/eduardo.mesquita.355?fref=ts\" target=\"_blank\" rel=\"noopener noreferrer\">Eduardo Mesquita<\/a> , apresentador e produtor do programa &#8220;Deste lado do mar&#8221;. Como pr\u00f3prio autor refere: &#8220;<em>Deste lado do mar, um programa a pensar em si com momentos de descontrac\u00e7\u00e3o e conforto<\/em>&#8220;.<\/strong><\/span><\/h3>\n<p><script async=\"\" src=\"https:\/\/pagead2.googlesyndication.com\/pagead\/js\/adsbygoogle.js?client=ca-pub-3580236146913178\" crossorigin=\"anonymous\"><\/script> <!-- Radios 2022 horizontal --> <ins class=\"adsbygoogle\" style=\"display: block;\" data-ad-client=\"ca-pub-3580236146913178\" data-ad-slot=\"3957763948\" data-ad-format=\"auto\" data-full-width-responsive=\"true\"><\/ins> <script><br \/>\n     (adsbygoogle = window.adsbygoogle || []).push({});<br \/>\n<\/script><\/p>\n<h3 data-fontsize=\"16\" data-lineheight=\"24\"><span style=\"color: #ffff00;\"><strong>&#8211; &#8220;M\u00e1quina do Tempo&#8221; com a chancela da Dupla CC, administradores da <a href=\"http:\/\/www.ccradio.lusitaniacb.com\/\" target=\"_blank\" rel=\"noopener noreferrer\">CC Radio Portugal<\/a> . Transmiss\u00e3o em directo a partir da\u00a0 <a href=\"http:\/\/www.radio.lusitaniacb.com\">Radio Lusitania CB<\/a><\/strong><\/span><\/h3>\n<h3 style=\"text-align: center;\" data-fontsize=\"16\" data-lineheight=\"24\"><span style=\"color: #ccffff;\"><strong><em>&#8220;A poesia n\u00e3o conhece fronteiras recria a liberdade atrav\u00e9s da linguagem, do ritmo e melodia. Desperta sentimentos e sensibliza&#8221;<\/em><\/strong><\/span><\/h3>\n<h3 data-fontsize=\"16\" data-lineheight=\"24\"><span style=\"color: #ffff00;\"><strong><a href=\"https:\/\/www.facebook.com\/irene.coimbra.90\">Irene Coimbra<\/a> &#8211; escritora, poeta, fundadora e autora da revista &#8221; <a href=\"http:\/\/pontoevirguladivulgando.blogspot.ca\">Ponto e virgula<\/a> &#8221; transmite-nos a partir de Ribeir\u00e3o Preto &#8211; Brasil &#8211; todos os s\u00e1bados \u00e0s 21 horas.<\/strong><\/span><\/h3>\n<h3><strong><span style=\"color: #ffff00;\">A nossa grelha de programa\u00e7\u00e3o encontra-se exaustivamente na procura de melhorias e sempre a pensar no ouvinte, com o objectivo de que o mesmo se sinta no conforto do seu lar. <\/span><\/strong><\/h3>\n<h3><strong><span style=\"color: #ffff00;\">E desta forma, resta-nos desejar as boas- vindas!<\/span><\/strong><\/h3>\n<h3 style=\"text-align: center;\" data-fontsize=\"16\" data-lineheight=\"24\"><span style=\"color: #ccffff;\"><em><strong>&#8220;E se a musica nos toca a alma sem precisarmos de nos exprimir, ent\u00e3o \u00e9 chegada a hora de embarcar neste porto e deixar-se embargar por um lugar desconhecido&#8221;<\/strong><\/em><\/span><\/h3>\n<h3 data-fontsize=\"16\" data-lineheight=\"24\"><span style=\"color: #ffff00;\"><strong>CC Radio &#8230; Inspira-te!<\/strong><\/span><\/h3>\n<\/div>\n<\/div>\n<\/div>\n<\/div>\n<\/div>\n<\/div>\n<\/section>\n<\/div>\n<\/div>\n<div class=\"fusion-clearfix\"><\/div>\n\n\t\t\t\t\t<\/div>\n\t\t\t\t<\/div><div  class=\"fusion-layout-column fusion_builder_column fusion_builder_column_1_3  fusion-one-third fusion-column-last fusion-column-no-min-height 1_3\"  style='margin-top:0px;margin-bottom:20px;width:33.33%;width:calc(33.33% - ( ( 10% ) * 0.3333 ) );'>\n\t\t\t\t\t<div class=\"fusion-column-wrapper\" style=\"padding: 0px 0px 0px 0px;background-position:left top;background-repeat:no-repeat;-webkit-background-size:cover;-moz-background-size:cover;-o-background-size:cover;background-size:cover;\"  data-bg-url=\"\">\n\t\t\t\t\t\t<div class=\"fusion-column-content-centered\"><div class=\"fusion-column-content\"><div class=\"fusion-sep-clear\"><\/div><div class=\"fusion-separator fusion-full-width-sep sep-none\" style=\"margin-left: auto;margin-right: auto;margin-top:;margin-bottom:10px;\"><\/div><span class=\"fusion-imageframe imageframe-none imageframe-1 hover-type-none\"><img loading=\"lazy\" decoding=\"async\" src=\"https:\/\/www.lusitaniacb.net\/ccradioptwp\/wp-content\/uploads\/Portada-branca-CC2.png\" width=\"1617\" height=\"1618\" alt=\"CC2\" title=\"CC2\" class=\"img-responsive wp-image-166\" srcset=\"https:\/\/www.lusitaniacb.net\/ccradioptwp\/wp-content\/uploads\/Portada-branca-CC2-200x200.png 200w, https:\/\/www.lusitaniacb.net\/ccradioptwp\/wp-content\/uploads\/Portada-branca-CC2-400x400.png 400w, https:\/\/www.lusitaniacb.net\/ccradioptwp\/wp-content\/uploads\/Portada-branca-CC2-600x600.png 600w, https:\/\/www.lusitaniacb.net\/ccradioptwp\/wp-content\/uploads\/Portada-branca-CC2-800x800.png 800w, https:\/\/www.lusitaniacb.net\/ccradioptwp\/wp-content\/uploads\/Portada-branca-CC2-1200x1201.png 1200w, https:\/\/www.lusitaniacb.net\/ccradioptwp\/wp-content\/uploads\/Portada-branca-CC2.png 1617w\" sizes=\"auto, (max-width: 800px) 100vw, 600px\" \/><\/span><div class=\"fusion-sep-clear\"><\/div><div class=\"fusion-separator fusion-full-width-sep sep-none\" style=\"margin-left: auto;margin-right: auto;margin-top:;margin-bottom:10px;\"><\/div><h1 style=\"text-align: center;\"><span style=\"color: #ffffff;\"><strong>Carmen Dolores<\/strong><\/span><\/h1>\n<div class=\"fusion-sep-clear\"><\/div><div class=\"fusion-separator fusion-full-width-sep sep-none\" style=\"margin-left: auto;margin-right: auto;margin-top:;margin-bottom:20px;\"><\/div><span class=\"fusion-imageframe imageframe-none imageframe-2 hover-type-none\"><img loading=\"lazy\" decoding=\"async\" src=\"https:\/\/www.lusitaniacb.net\/ccradioptwp\/wp-content\/uploads\/Portada-branca-CC.png\" width=\"1617\" height=\"1618\" alt=\"CC1\" title=\"CC1\" class=\"img-responsive wp-image-167\" srcset=\"https:\/\/www.lusitaniacb.net\/ccradioptwp\/wp-content\/uploads\/Portada-branca-CC-200x200.png 200w, https:\/\/www.lusitaniacb.net\/ccradioptwp\/wp-content\/uploads\/Portada-branca-CC-400x400.png 400w, https:\/\/www.lusitaniacb.net\/ccradioptwp\/wp-content\/uploads\/Portada-branca-CC-600x600.png 600w, https:\/\/www.lusitaniacb.net\/ccradioptwp\/wp-content\/uploads\/Portada-branca-CC-800x800.png 800w, https:\/\/www.lusitaniacb.net\/ccradioptwp\/wp-content\/uploads\/Portada-branca-CC-1200x1201.png 1200w, https:\/\/www.lusitaniacb.net\/ccradioptwp\/wp-content\/uploads\/Portada-branca-CC.png 1617w\" sizes=\"auto, (max-width: 800px) 100vw, 600px\" \/><\/span><div class=\"fusion-sep-clear\"><\/div><div class=\"fusion-separator fusion-full-width-sep sep-none\" style=\"margin-left: auto;margin-right: auto;margin-top:;margin-bottom:10px;\"><\/div><h1 style=\"text-align: center;\"><span style=\"color: #ffffff;\"><strong>Carlos Carvalho<\/strong><\/span><\/h1>\n<\/div><\/div><div class=\"fusion-clearfix\"><\/div>\n\n\t\t\t\t\t<\/div>\n\t\t\t\t<\/div><div  class=\"fusion-layout-column fusion_builder_column fusion_builder_column_1_1  fusion-one-full fusion-column-first fusion-column-last 1_1\"  style='margin-top:0px;margin-bottom:20px;'>\n\t\t\t\t\t<div class=\"fusion-column-wrapper\" style=\"background-position:left top;background-repeat:no-repeat;-webkit-background-size:cover;-moz-background-size:cover;-o-background-size:cover;background-size:cover;\"  data-bg-url=\"\">\n\t\t\t\t\t\t<div class=\"fusion-clearfix\"><\/div>\n\n\t\t\t\t\t<\/div>\n\t\t\t\t<\/div><\/div><\/div>\n<h2 style=\"text-align: left;\"><strong>A CC R\u00e1dio Portugal tem a chancela de:<\/strong><br \/><a href=\"http:\/\/carmencunharelax.blogspot.pt\/p\/inicio.html\" target=\"_blank\" rel=\"noopener noreferrer\"><img loading=\"lazy\" decoding=\"async\" class=\"aligncenter wp-image-480 size-full\" src=\"https:\/\/www.lusitaniacb.net\/ccradioptwp\/wp-content\/uploads\/Chancela-CCRELAX-e1506730501703.png\" alt=\"CC Relax de Carmen Dolores\" width=\"800\" height=\"530\" \/><\/a><\/h2>\n<p align=\"center\"><script async=\"\" src=\"https:\/\/pagead2.googlesyndication.com\/pagead\/js\/adsbygoogle.js?client=ca-pub-3580236146913178\" crossorigin=\"anonymous\"><\/script> <!-- Radios 2022 horizontal --> <ins class=\"adsbygoogle\" style=\"display: block;\" data-ad-client=\"ca-pub-3580236146913178\" data-ad-slot=\"3957763948\" data-ad-format=\"auto\" data-full-width-responsive=\"true\"><\/ins> <script><br \/>\n     (adsbygoogle = window.adsbygoogle || []).push({});<br \/>\n<\/script><\/p>\n<div  class=\"fusion-fullwidth fullwidth-box fusion-parallax-none nonhundred-percent-fullwidth\"  style='background-color: #202022;background-image: url(\"https:\/\/www.lusitaniacb.net\/ccradioptwp\/wp-content\/uploads\/2.png\");background-position: left center;background-repeat: no-repeat;padding-top:160px;padding-right:30px;padding-bottom:130px;padding-left:30px;border-top-width:0px;border-bottom-width:0px;border-color:#eae9e9;border-top-style:solid;border-bottom-style:solid;-webkit-background-size:cover;-moz-background-size:cover;-o-background-size:cover;background-size:cover;background-attachment:none;'><div class=\"fusion-builder-row fusion-row \"><div  class=\"fusion-layout-column fusion_builder_column fusion_builder_column_1_6  fusion-one-sixth fusion-column-first 1_6\"  style='margin-top:0px;margin-bottom:20px;width:13.3333%; margin-right: 4%;'>\n\t\t\t\t\t<div class=\"fusion-column-wrapper\" style=\"background-position:left top;background-repeat:no-repeat;-webkit-background-size:cover;-moz-background-size:cover;-o-background-size:cover;background-size:cover;\"  data-bg-url=\"\">\n\t\t\t\t\t\t<div class=\"fusion-clearfix\"><\/div>\n\n\t\t\t\t\t<\/div>\n\t\t\t\t<\/div><div  class=\"fusion-layout-column fusion_builder_column fusion_builder_column_2_3  fusion-two-third 2_3\"  style='margin-top:0px;margin-bottom:20px;width:65.3333%; margin-right: 4%;'>\n\t\t\t\t\t<div class=\"fusion-column-wrapper\" style=\"background-position:left top;background-repeat:no-repeat;-webkit-background-size:cover;-moz-background-size:cover;-o-background-size:cover;background-size:cover;\"  data-bg-url=\"\">\n\t\t\t\t\t\t<div class=\"fusion-testimonials clean fusion-testimonials-1\" data-random=\"0\"><style type=\"text\/css\" scoped=\"scoped\">#fusion-testimonials-1 a{border-color:#ffffff;}#fusion-testimonials-1 a:hover, #fusion-testimonials-1 .activeSlide{background-color: #ffffff;}.fusion-testimonials.clean.fusion-testimonials-1 .author:after{border-top-color:transparent !important;}<\/style><div class=\"reviews\"><div class=\"review no-avatar\"><blockquote style=\"margin: -25px;background-color:transparent;\"><q style=\"background-color:transparent;color:#ffffff;\">\n<p>\u201cAs pessoas costumam dizer que a motiva\u00e7\u00e3o n\u00e3o dura sempre. Bem, nem o efeito do banho, por isso recomenda-se diariamente. &#8220;<\/p>\n<\/q><\/blockquote><div class=\"author\" style=\"color:#ffffff;\"><span class=\"company-name\"><strong>Zig Ziglar \u2022 Pensamento do Dia<\/strong><\/span><\/div><\/div><div class=\"review no-avatar\"><blockquote style=\"margin: -25px;background-color:transparent;\"><q style=\"background-color:transparent;color:#ffffff;\">\n<p>\u201cA alegria est\u00e1 na luta, na tentativa, no sofrimento envolvido e n\u00e3o na vit\u00f3ria propriamente dita &#8220;<\/p>\n<\/q><\/blockquote><div class=\"author\" style=\"color:#ffffff;\"><span class=\"company-name\"><strong>Mahatma Gandhi \u2022 Pensamento do Dia<\/strong><\/span><\/div><\/div><div class=\"review no-avatar\"><blockquote style=\"margin: -25px;background-color:transparent;\"><q style=\"background-color:transparent;color:#ffffff;\">\n<p>\u201cJulgue seu sucesso pelas coisas que voc\u00ea teve que renunciar para conseguir&#8221;<\/p>\n<\/q><\/blockquote><div class=\"author\" style=\"color:#ffffff;\"><span class=\"company-name\"><strong>Dalai Lama \u2022 Pensamento do Dia<\/strong><\/span><\/div><\/div><div class=\"review no-avatar\"><blockquote style=\"margin: -25px;background-color:transparent;\"><q style=\"background-color:transparent;color:#ffffff;\">\n<p>\u201cN\u00e3o adianta kilos de conhecimento se possuir gramas de atitude!&#8221;<\/p>\n<\/q><\/blockquote><div class=\"author\" style=\"color:#ffffff;\"><span class=\"company-name\"><strong>An\u00f3nimo \u2022 Pensamento do Dia<\/strong><\/span><\/div><\/div><div class=\"review no-avatar\"><blockquote style=\"margin: -25px;background-color:transparent;\"><q style=\"background-color:transparent;color:#ffffff;\">\n<p>\u201cA m\u00fasica \u00e9 celeste, de natureza divina e de tal beleza que encanta a alma e a eleva acima da sua condi\u00e7\u00e3o.&#8221;<\/p>\n<\/q><\/blockquote><div class=\"author\" style=\"color:#ffffff;\"><span class=\"company-name\"><strong>Arist\u00f3teles \u2022 Pensamento do Dia<\/strong><\/span><\/div><\/div><div class=\"review no-avatar\"><blockquote style=\"margin: -25px;background-color:transparent;\"><q style=\"background-color:transparent;color:#ffffff;\">\n<p>\u201cA religi\u00e3o c\u00f3smica \u00e9 o m\u00f3vel mais poderoso e mais generoso da pesquisa cient\u00edfica&#8221;<\/p>\n<\/q><\/blockquote><div class=\"author\" style=\"color:#ffffff;\"><span class=\"company-name\"><strong>Albert Einstein \u2022 Pensamento do Dia<\/strong><\/span><\/div><\/div><div class=\"review no-avatar\"><blockquote style=\"margin: -25px;background-color:transparent;\"><q style=\"background-color:transparent;color:#ffffff;\">\n<p>\u201cNeste mundo n\u00e3o existe verdade universal. Uma mesma verdade pode apresentar diferentes fisionomias. Tudo depende das decifra\u00e7\u00f5es feitas atrav\u00e9s de nossos prismas intelectuais, filos\u00f3ficos, culturais e religiosos&#8221;<\/p>\n<\/q><\/blockquote><div class=\"author\" style=\"color:#ffffff;\"><span class=\"company-name\"><strong>Dalai Lama \u2022 Pensamento do Dia<\/strong><\/span><\/div><\/div><div class=\"review no-avatar\"><blockquote style=\"margin: -25px;background-color:transparent;\"><q style=\"background-color:transparent;color:#ffffff;\">\n<p>\u201cO povo portugu\u00eas \u00e9, essencialmente, cosmopolita. Nunca um verdadeiro portugu\u00eas foi portugu\u00eas: foi sempre tudo&#8221;<\/p>\n<\/q><\/blockquote><div class=\"author\" style=\"color:#ffffff;\"><span class=\"company-name\"><strong>Fernando Pessoa \u2022 Pensamento do Dia<\/strong><\/span><\/div><\/div><div class=\"review no-avatar\"><blockquote style=\"margin: -25px;background-color:transparent;\"><q style=\"background-color:transparent;color:#ffffff;\">\n<p>\u201cS\u00e1bio \u00e9 aquele que conhece os limites da pr\u00f3pria ignor\u00e2ncia&#8221;<\/p>\n<\/q><\/blockquote><div class=\"author\" style=\"color:#ffffff;\"><span class=\"company-name\"><strong>S\u00f3crates \u2022 Pensamento do Dia<\/strong><\/span><\/div><\/div><div class=\"review no-avatar\"><blockquote style=\"margin: -25px;background-color:transparent;\"><q style=\"background-color:transparent;color:#ffffff;\">\n<p>\u201cQuando voc\u00ea quer alguma coisa, todo o universo conspira para que voc\u00ea realize o seu desejo&#8221;<\/p>\n<\/q><\/blockquote><div class=\"author\" style=\"color:#ffffff;\"><span class=\"company-name\"><strong>Paulo Coelho \u2022 Pensamento do Dia<\/strong><\/span><\/div><\/div><div class=\"review no-avatar\"><blockquote style=\"margin: -25px;background-color:transparent;\"><q style=\"background-color:transparent;color:#ffffff;\">\n<p>\u201cAprendemos a voar como os p\u00e1ssaros e a nadar como os peixes, mas n\u00e3o aprendemos a conviver como irm\u00e3os.&#8221;<\/p>\n<\/q><\/blockquote><div class=\"author\" style=\"color:#ffffff;\"><span class=\"company-name\"><strong>Martin Luther King \u2022 Pensamento do Dia<\/strong><\/span><\/div><\/div><div class=\"review no-avatar\"><blockquote style=\"margin: -25px;background-color:transparent;\"><q style=\"background-color:transparent;color:#ffffff;\">\n<p>\u201cA for\u00e7a n\u00e3o prov\u00e9m da capacidade f\u00edsica. Prov\u00e9m de uma vontade indom\u00e1vel.&#8221;<\/p>\n<\/q><\/blockquote><div class=\"author\" style=\"color:#ffffff;\"><span class=\"company-name\"><strong>Mahatma Gandhi \u2022 Pensamento do Dia<\/strong><\/span><\/div><\/div><div class=\"review no-avatar\"><blockquote style=\"margin: -25px;background-color:transparent;\"><q style=\"background-color:transparent;color:#ffffff;\">\n<p>\u201cN\u00e3o sobrevive a esp\u00e9cie mais forte, mas a que se adapta \u00e0 mudan\u00e7a.&#8221;<\/p>\n<\/q><\/blockquote><div class=\"author\" style=\"color:#ffffff;\"><span class=\"company-name\"><strong>Charles Darwin \u2022 Pensamento do Dia<\/strong><\/span><\/div><\/div><div class=\"review no-avatar\"><blockquote style=\"margin: -25px;background-color:transparent;\"><q style=\"background-color:transparent;color:#ffffff;\">\n<p>\u201cNa vida podemos dar o nosso suor pelos outros, mas isso n\u00e3o garante que algu\u00e9m nos possa emprestar um len\u00e7o para limpar o suor do nosso rosto.&#8221;<\/p>\n<\/q><\/blockquote><div class=\"author\" style=\"color:#ffffff;\"><span class=\"company-name\"><strong>Eduardo Mesquita \u2022 Pensamento do Dia<\/strong><\/span><\/div><\/div><\/div><div class=\"testimonial-pagination\" id=\"fusion-testimonials-1\"><\/div><\/div><div class=\"fusion-clearfix\"><\/div>\n\n\t\t\t\t\t<\/div>\n\t\t\t\t<\/div><div  class=\"fusion-layout-column fusion_builder_column fusion_builder_column_1_6  fusion-one-sixth fusion-column-last 1_6\"  style='margin-top:0px;margin-bottom:20px;width:13.3333%'>\n\t\t\t\t\t<div class=\"fusion-column-wrapper\" style=\"background-position:left top;background-repeat:no-repeat;-webkit-background-size:cover;-moz-background-size:cover;-o-background-size:cover;background-size:cover;\"  data-bg-url=\"\">\n\t\t\t\t\t\t<div class=\"fusion-clearfix\"><\/div>\n\n\t\t\t\t\t<\/div>\n\t\t\t\t<\/div><\/div><\/div>\n\n\n<div class=\"wp-block-columns is-layout-flex wp-container-core-columns-is-layout-9d6595d7 wp-block-columns-is-layout-flex\">\n<div class=\"wp-block-column is-layout-flow wp-block-column-is-layout-flow\" style=\"flex-basis:66.66%\">\n<h1 class=\"wp-block-heading has-text-align-left has-vivid-cyan-blue-color has-text-color has-link-color wp-elements-7e8bbce2ee3ec9e18e20d93721d31ff8\">Esta r\u00e1dio n\u00e3o tem an\u00fancios comerciais. Ajude-a a manter. Ficamos gratos<\/h1>\n<\/div>\n\n\n\n<div class=\"wp-block-column is-layout-flow wp-block-column-is-layout-flow\" style=\"flex-basis:33.33%\">\nVia PAYPAL<form action=\"https:\/\/www.paypal.com\/donate\" method=\"post\" target=\"_top\">\n<input type=\"hidden\" name=\"hosted_button_id\" value=\"NMZL9LEWMYG7U\">\n<input type=\"image\" src=\"https:\/\/www.paypalobjects.com\/pt_PT\/PT\/i\/btn\/btn_donateCC_LG.gif\" border=\"0\" name=\"submit\" title=\"PayPal - The safer, easier way to pay online!\" alt=\"Donate with PayPal button\" width=\"147\" height=\"47\">\n<img alt=\"\" border=\"0\"\n<\/div>\n<\/div>\n\n\n\n<figure class=\"wp-block-image size-full\"><img loading=\"lazy\" decoding=\"async\" width=\"450\" height=\"470\" src=\"https:\/\/www.lusitaniacb.net\/ccradioptwp\/wp-content\/uploads\/multibanco-RLCBTV.gif\" alt=\"\" class=\"wp-image-1003\"\/><\/figure>\n","protected":false},"excerpt":{"rendered":"<p>A CC R\u00e1dio Portugal tem a chancela de: Esta r\u00e1dio [&hellip;]<\/p>\n","protected":false},"author":2,"featured_media":0,"parent":0,"menu_order":0,"comment_status":"closed","ping_status":"closed","template":"100-width.php","meta":{"footnotes":""},"class_list":["post-318","page","type-page","status-publish","hentry"],"_links":{"self":[{"href":"https:\/\/www.lusitaniacb.net\/ccradioptwp\/wp-json\/wp\/v2\/pages\/318","targetHints":{"allow":["GET"]}}],"collection":[{"href":"https:\/\/www.lusitaniacb.net\/ccradioptwp\/wp-json\/wp\/v2\/pages"}],"about":[{"href":"https:\/\/www.lusitaniacb.net\/ccradioptwp\/wp-json\/wp\/v2\/types\/page"}],"author":[{"embeddable":true,"href":"https:\/\/www.lusitaniacb.net\/ccradioptwp\/wp-json\/wp\/v2\/users\/2"}],"replies":[{"embeddable":true,"href":"https:\/\/www.lusitaniacb.net\/ccradioptwp\/wp-json\/wp\/v2\/comments?post=318"}],"version-history":[{"count":39,"href":"https:\/\/www.lusitaniacb.net\/ccradioptwp\/wp-json\/wp\/v2\/pages\/318\/revisions"}],"predecessor-version":[{"id":1005,"href":"https:\/\/www.lusitaniacb.net\/ccradioptwp\/wp-json\/wp\/v2\/pages\/318\/revisions\/1005"}],"wp:attachment":[{"href":"https:\/\/www.lusitaniacb.net\/ccradioptwp\/wp-json\/wp\/v2\/media?parent=318"}],"curies":[{"name":"wp","href":"https:\/\/api.w.org\/{rel}","templated":true}]}}